{"id":2440,"date":"2016-03-11T16:50:21","date_gmt":"2016-03-11T15:50:21","guid":{"rendered":"http:\/\/www.frenchlines.com\/?page_id=2440&#038;lang=en"},"modified":"2019-03-26T11:19:20","modified_gmt":"2019-03-26T10:19:20","slug":"home","status":"publish","type":"page","link":"https:\/\/www.frenchlines.com\/en\/","title":{"rendered":"Home"},"content":{"rendered":"<p>[vc_row width_100=&#8221;yes&#8221; parallax_speed=&#8221;5&#8243; parallax_x=&#8221;0&#8243; parallax_y=&#8221;0&#8243; el_class=&#8221;mobile_no_margin_bot&#8221;][vc_column][rev_slider_vc alias=&#8221;accueil-uk&#8221;][\/vc_column][\/vc_row][vc_row parallax_speed=&#8221;5&#8243; parallax_x=&#8221;0&#8243; parallax_y=&#8221;0&#8243; css=&#8221;.vc_custom_1551975642275{padding-top: 80px !important;padding-bottom: 60px !important;}&#8221;][vc_column width=&#8221;1\/3&#8243; css=&#8221;.vc_custom_1552046329448{border-top-width: 0px !important;border-right-width: 0px !important;border-bottom-width: 0px !important;border-left-width: 0px !important;}&#8221;][vc_column_text el_class=&#8221;accroche-title&#8221;]<\/p>\n<h2>First european collection dedicated to the heritage and history of the French merchant marine<\/h2>\n<p>[\/vc_column_text][vc_empty_space height=&#8221;40px&#8221;][vc_single_image image=&#8221;14377&#8243; img_size=&#8221;full&#8221;][vc_empty_space height=&#8221;40px&#8221;][vc_column_text el_class=&#8221;accroche-title&#8221;]French Lines &amp; Compagnies, Maritime and Port Heritage&#8217;s mission is to preserve, promote and enhance the history and heritage of the French merchant marine, its companies and its ports.<\/p>\n<p>Its reserves, located in Le Havre, host the historical funds of many shipping companies, and mainly those of Compagnie G\u00e9n\u00e9rale Transatlantique, Compagnie des Messageries Maritimes, Compagnie G\u00e9n\u00e9rale Maritime (CGM) and Soci\u00e9t\u00e9 Nationale Corse-M\u00e9diterran\u00e9e (SNCM ).[\/vc_column_text][\/vc_column][vc_column width=&#8221;2\/3&#8243; css=&#8221;.vc_custom_1552036072670{border-top-width: 0px !important;border-right-width: 0px !important;border-bottom-width: 0px !important;border-left-width: 1px !important;border-left-color: #004069 !important;border-left-style: solid !important;border-right-color: #004069 !important;border-right-style: solid !important;border-top-color: #004069 !important;border-top-style: solid !important;border-bottom-color: #004069 !important;border-bottom-style: solid !important;}&#8221;][vc_row_inner css=&#8221;.vc_custom_1552036287965{padding-left: 45px !important;}&#8221;][vc_column_inner width=&#8221;1\/2&#8243; css=&#8221;.vc_custom_1552036435197{padding-right: 40px !important;padding-left: 40px !important;}&#8221;]\t\r\n\t\t<div class=\"blog-shortcode actuAccueil2 blog-grid blog-one-column post-thumbnail-cover\">\r\n\t\t\t\r\n\t\t\t<div class=\"blog-entries\">\r\n\t\t\t\t<div class=\"entries-wrapper\">\r\n\t\t\t\t\t\t\t\t\t\t\r\n\t\t\t\t\t<article class=\"post-20377 post type-post status-publish format-gallery has-post-thumbnail hentry category-non-classe post_format-post-format-gallery\">\r\n\t\t\t\t\t\t<div class=\"entry-wrapper\">\r\n\t\t\t\t\t\t\t\t\t\t\t\t\t\t\t\r\n\t\t\t\t\t\t\t\t\t\t\t\t\t\t\t\t\t\r\n\t\t\t\t\t\t\t\t\t<div class=\"entry-cover\">\r\n\t\t\t\t\t\t\t\t\t\t<a href=\"https:\/\/www.frenchlines.com\/en\/90-ans-du-normandie-un-anniversaire-a-celebrer\/\">\r\n\t\t\t\t\t\t\t\t\t\t\t<img width=\"555\" height=\"405\" src=\"https:\/\/www.frenchlines.com\/wp-content\/uploads\/2025\/05\/Illustration_article-2-555x405.png\" class=\"attachment-blog-medium size-blog-medium wp-post-image\" alt=\"\" loading=\"lazy\" srcset=\"https:\/\/www.frenchlines.com\/wp-content\/uploads\/2025\/05\/Illustration_article-2-555x405.png 555w, https:\/\/www.frenchlines.com\/wp-content\/uploads\/2025\/05\/Illustration_article-2-300x219.png 300w, https:\/\/www.frenchlines.com\/wp-content\/uploads\/2025\/05\/Illustration_article-2-768x561.png 768w, https:\/\/www.frenchlines.com\/wp-content\/uploads\/2025\/05\/Illustration_article-2-600x438.png 600w, https:\/\/www.frenchlines.com\/wp-content\/uploads\/2025\/05\/Illustration_article-2-250x183.png 250w, https:\/\/www.frenchlines.com\/wp-content\/uploads\/2025\/05\/Illustration_article-2.png 778w\" sizes=\"(max-width: 555px) 100vw, 555px\" \/>\t\t\t\t\t\t\t\t\t\t<\/a>\r\n\t\t\t\t\t\t\t\t\t<\/div>\r\n\r\n\t\t\t\t\t\t\t\t\r\n\t\t\t\t\t\t\t\r\n\t\t\t\t\t\t\t<div class=\"entry-header\">\r\n\t\t\t\t\t\t\t\t<h2 class=\"entry-title\">\r\n\t\t\t\t\t\t\t\t\t<a href=\"https:\/\/www.frenchlines.com\/en\/90-ans-du-normandie-un-anniversaire-a-celebrer\/\">90 ans du Normandie &#8211; un anniversaire \u00e0 c\u00e9l\u00e9brer !<\/a>\r\n\t\t\t\t\t\t\t\t<\/h2>\r\n\r\n\t\t\t\t\t\t\t\t<div class=\"post-meta\">\r\n\t\t\t\t\t\t\t\t\t<time class=\"entry-time\" itemprop=\"datePublished\" datetime=\"2025-05-28 15:54:37\">\r\n\t\t\t\t\t\t\t\t\t\t28\/05\/2025\t\t\t\t\t\t\t\t\t<\/time>\r\n\t\t\t\t\t\t\t\t<\/div>\r\n\t\t\t\t\t\t\t<\/div>\r\n\r\n\t\t\t\t\t\t\t\t\t\t\t\t\t<\/div>\r\n\t\t\t\t\t<\/article>\r\n\r\n\t\t\t\t\t\t\t\t\t\t\r\n\t\t\t\t\t<article class=\"post-20046 post type-post status-publish format-standard has-post-thumbnail hentry category-evenement\">\r\n\t\t\t\t\t\t<div class=\"entry-wrapper\">\r\n\t\t\t\t\t\t\t\t\t\t\t\t\t\t\t\r\n\t\t\t\t\t\t\t\t\t\t\t\t\t\t\t\t\t\r\n\t\t\t\t\t\t\t\t\t<div class=\"entry-cover\">\r\n\t\t\t\t\t\t\t\t\t\t<a href=\"https:\/\/www.frenchlines.com\/en\/un-depart-et-de-nouvelles-aventures-en-2023\/\">\r\n\t\t\t\t\t\t\t\t\t\t\t<img width=\"555\" height=\"427\" src=\"https:\/\/www.frenchlines.com\/wp-content\/uploads\/2022\/12\/MA-CP421-8-projet-affiche-Compagnie-generale-transatlantique-\uf020Depart-pour-lexposition-interntionale\uf020-2-555x427.jpeg\" class=\"attachment-blog-medium size-blog-medium wp-post-image\" alt=\"\" loading=\"lazy\" srcset=\"https:\/\/www.frenchlines.com\/wp-content\/uploads\/2022\/12\/MA-CP421-8-projet-affiche-Compagnie-generale-transatlantique-\uf020Depart-pour-lexposition-interntionale\uf020-2-555x427.jpeg 555w, https:\/\/www.frenchlines.com\/wp-content\/uploads\/2022\/12\/MA-CP421-8-projet-affiche-Compagnie-generale-transatlantique-\uf020Depart-pour-lexposition-interntionale\uf020-2-300x231.jpeg 300w, https:\/\/www.frenchlines.com\/wp-content\/uploads\/2022\/12\/MA-CP421-8-projet-affiche-Compagnie-generale-transatlantique-\uf020Depart-pour-lexposition-interntionale\uf020-2-1024x787.jpeg 1024w, https:\/\/www.frenchlines.com\/wp-content\/uploads\/2022\/12\/MA-CP421-8-projet-affiche-Compagnie-generale-transatlantique-\uf020Depart-pour-lexposition-interntionale\uf020-2-768x590.jpeg 768w, https:\/\/www.frenchlines.com\/wp-content\/uploads\/2022\/12\/MA-CP421-8-projet-affiche-Compagnie-generale-transatlantique-\uf020Depart-pour-lexposition-interntionale\uf020-2-600x461.jpeg 600w, https:\/\/www.frenchlines.com\/wp-content\/uploads\/2022\/12\/MA-CP421-8-projet-affiche-Compagnie-generale-transatlantique-\uf020Depart-pour-lexposition-interntionale\uf020-2-1536x1180.jpeg 1536w, https:\/\/www.frenchlines.com\/wp-content\/uploads\/2022\/12\/MA-CP421-8-projet-affiche-Compagnie-generale-transatlantique-\uf020Depart-pour-lexposition-interntionale\uf020-2-2048x1574.jpeg 2048w, https:\/\/www.frenchlines.com\/wp-content\/uploads\/2022\/12\/MA-CP421-8-projet-affiche-Compagnie-generale-transatlantique-\uf020Depart-pour-lexposition-interntionale\uf020-2-250x192.jpeg 250w, https:\/\/www.frenchlines.com\/wp-content\/uploads\/2022\/12\/MA-CP421-8-projet-affiche-Compagnie-generale-transatlantique-\uf020Depart-pour-lexposition-interntionale\uf020-2-1110x853.jpeg 1110w\" sizes=\"(max-width: 555px) 100vw, 555px\" \/>\t\t\t\t\t\t\t\t\t\t<\/a>\r\n\t\t\t\t\t\t\t\t\t<\/div>\r\n\r\n\t\t\t\t\t\t\t\t\r\n\t\t\t\t\t\t\t\r\n\t\t\t\t\t\t\t<div class=\"entry-header\">\r\n\t\t\t\t\t\t\t\t<h2 class=\"entry-title\">\r\n\t\t\t\t\t\t\t\t\t<a href=\"https:\/\/www.frenchlines.com\/en\/un-depart-et-de-nouvelles-aventures-en-2023\/\">Un d\u00e9part et de nouvelles aventures en 2023 !<\/a>\r\n\t\t\t\t\t\t\t\t<\/h2>\r\n\r\n\t\t\t\t\t\t\t\t<div class=\"post-meta\">\r\n\t\t\t\t\t\t\t\t\t<time class=\"entry-time\" itemprop=\"datePublished\" datetime=\"2022-12-31 05:20:09\">\r\n\t\t\t\t\t\t\t\t\t\t31\/12\/2022\t\t\t\t\t\t\t\t\t<\/time>\r\n\t\t\t\t\t\t\t\t<\/div>\r\n\t\t\t\t\t\t\t<\/div>\r\n\r\n\t\t\t\t\t\t\t\t\t\t\t\t\t<\/div>\r\n\t\t\t\t\t<\/article>\r\n\r\n\t\t\t\t\t\t\t\t\t\t\t\t\t\t<\/div>\r\n\t\t\t<\/div>\r\n\t\t<\/div>\r\n\r\n\t[\/vc_column_inner][vc_column_inner width=&#8221;1\/2&#8243; css=&#8221;.vc_custom_1552036463054{padding-top: 90px !important;padding-right: 40px !important;padding-left: 40px !important;}&#8221;]\t\r\n\t\t<div class=\"blog-shortcode actuAccueil blog-grid blog-one-column post-thumbnail-cover\">\r\n\t\t\t\r\n\t\t\t<div class=\"blog-entries\">\r\n\t\t\t\t<div class=\"entries-wrapper\">\r\n\t\t\t\t\t\t\t\t\t\t\r\n\t\t\t\t\t<article class=\"post-19882 post type-post status-publish format-standard has-post-thumbnail hentry category-histoire-patrimoine\">\r\n\t\t\t\t\t\t<div class=\"entry-wrapper\">\r\n\t\t\t\t\t\t\t\t\t\t\t\t\t\t\t\r\n\t\t\t\t\t\t\t\t\t\t\t\t\t\t\t\t\t\r\n\t\t\t\t\t\t\t\t\t<div class=\"entry-cover\">\r\n\t\t\t\t\t\t\t\t\t\t<a href=\"https:\/\/www.frenchlines.com\/en\/il-y-a-110-ans-france-ii-le-versailles-des-mers\/\">\r\n\t\t\t\t\t\t\t\t\t\t\t<img width=\"555\" height=\"338\" src=\"https:\/\/www.frenchlines.com\/wp-content\/uploads\/2022\/04\/FL006343_ibp-555x338.jpg\" class=\"attachment-blog-medium size-blog-medium wp-post-image\" alt=\"\" loading=\"lazy\" srcset=\"https:\/\/www.frenchlines.com\/wp-content\/uploads\/2022\/04\/FL006343_ibp-555x338.jpg 555w, https:\/\/www.frenchlines.com\/wp-content\/uploads\/2022\/04\/FL006343_ibp-300x183.jpg 300w, https:\/\/www.frenchlines.com\/wp-content\/uploads\/2022\/04\/FL006343_ibp-768x468.jpg 768w, https:\/\/www.frenchlines.com\/wp-content\/uploads\/2022\/04\/FL006343_ibp-600x365.jpg 600w, https:\/\/www.frenchlines.com\/wp-content\/uploads\/2022\/04\/FL006343_ibp-250x152.jpg 250w, https:\/\/www.frenchlines.com\/wp-content\/uploads\/2022\/04\/FL006343_ibp.jpg 800w\" sizes=\"(max-width: 555px) 100vw, 555px\" \/>\t\t\t\t\t\t\t\t\t\t<\/a>\r\n\t\t\t\t\t\t\t\t\t<\/div>\r\n\r\n\t\t\t\t\t\t\t\t\r\n\t\t\t\t\t\t\t\r\n\t\t\t\t\t\t\t<div class=\"entry-header\">\r\n\t\t\t\t\t\t\t\t<h2 class=\"entry-title\">\r\n\t\t\t\t\t\t\t\t\t<a href=\"https:\/\/www.frenchlines.com\/en\/il-y-a-110-ans-france-ii-le-versailles-des-mers\/\">Il y a 110 ans, France II, le Versailles des mers<\/a>\r\n\t\t\t\t\t\t\t\t<\/h2>\r\n\r\n\t\t\t\t\t\t\t\t<div class=\"post-meta\">\r\n\t\t\t\t\t\t\t\t\t<time class=\"entry-time\" itemprop=\"datePublished\" datetime=\"2022-04-28 11:28:33\">\r\n\t\t\t\t\t\t\t\t\t\t28\/04\/2022\t\t\t\t\t\t\t\t\t<\/time>\r\n\t\t\t\t\t\t\t\t<\/div>\r\n\t\t\t\t\t\t\t<\/div>\r\n\r\n\t\t\t\t\t\t\t\t\t\t\t\t\t<\/div>\r\n\t\t\t\t\t<\/article>\r\n\r\n\t\t\t\t\t\t\t\t\t\t\t\t\t\t<\/div>\r\n\t\t\t<\/div>\r\n\t\t<\/div>\r\n\r\n\t[\/vc_column_inner][\/vc_row_inner][\/vc_column][\/vc_row][vc_row parallax_effect=&#8221;yes&#8221; parallax_speed=&#8221;5&#8243; parallax_x=&#8221;0&#8243; parallax_y=&#8221;0&#8243; css=&#8221;.vc_custom_1552645778632{margin-bottom: 0px !important;padding-top: 0px !important;padding-right: 0px !important;padding-bottom: 0px !important;padding-left: 0px !important;background-color: #014069 !important;}&#8221;][vc_column width=&#8221;1\/4&#8243; el_class=&#8221;bulletin&#8221;][vc_row_inner css=&#8221;.vc_custom_1552046036757{padding-top: 45px !important;}&#8221;][vc_column_inner][vc_column_text]<\/p>\n<h3 style=\"text-align: left; font-size: 20px;\"><span style=\"color: #c32527;\">&gt; <\/span><span style=\"color: #ffffff;\"> ESSENTIALS <\/span> <span style=\"color: #c32527;\">&lt;<\/span><\/h3>\n<p>[\/vc_column_text][\/vc_column_inner][\/vc_row_inner][\/vc_column][vc_column width=&#8221;3\/4&#8243; el_class=&#8221;icon-essentiels&#8221; css=&#8221;.vc_custom_1552045984290{padding-top: 35px !important;}&#8221;][vc_row_inner][vc_column_inner width=&#8221;1\/4&#8243;][vc_column_text]<\/p>\n<p style=\"text-align: center;\"><a href=\"http:\/\/www.frenchlines.com\/en\/resources\/image-library\/\"><img loading=\"lazy\" class=\"aligncenter\" src=\"https:\/\/www.frenchlines.com\/wp-content\/uploads\/2015\/09\/essentiels-picto-03.png\" alt=\"\" width=\"58\" height=\"58\" \/><\/a><\/p>\n<h4 style=\"text-align: center; font-size: 16px;\"><span style=\"color: #ffffff;\">IMAGE LIBRARY<\/span><\/h4>\n<p>[\/vc_column_text][\/vc_column_inner][vc_column_inner width=&#8221;1\/4&#8243;][vc_column_text]<\/p>\n<p style=\"text-align: center;\"><a href=\"http:\/\/www.frenchlines.com\/repertoire-des-navires\/\"><img loading=\"lazy\" class=\"aligncenter\" src=\"https:\/\/www.frenchlines.com\/wp-content\/uploads\/2015\/09\/essentiels-picto-05.png\" alt=\"\" width=\"58\" height=\"58\" \/><\/a><\/p>\n<h4 style=\"text-align: center; font-size: 16px;\"><span style=\"color: #ffffff;\">VESSEL DATABASE<\/span><\/h4>\n<p>[\/vc_column_text][\/vc_column_inner][vc_column_inner width=&#8221;1\/4&#8243;][vc_column_text]<\/p>\n<p style=\"text-align: center;\"><a href=\"http:\/\/www.frenchlines.com\/ressources\/ressources-documentaires\/revues-des-compagnies\/\"><img loading=\"lazy\" class=\"aligncenter\" src=\"https:\/\/www.frenchlines.com\/wp-content\/uploads\/2019\/03\/picto-revus.png\" alt=\"\" width=\"58\" height=\"58\" \/><\/a><\/p>\n<h4 style=\"text-align: center; font-size: 16px;\"><span style=\"color: #ffffff;\">COMPANY REVIEWS<\/span><\/h4>\n<p>[\/vc_column_text][\/vc_column_inner][vc_column_inner width=&#8221;1\/4&#8243;][vc_column_text]<\/p>\n<p style=\"text-align: center;\"><a href=\"http:\/\/www.frenchlines.com\/en\/french-lines\/practical-information\/\"><img loading=\"lazy\" class=\"aligncenter\" src=\"https:\/\/www.frenchlines.com\/wp-content\/uploads\/2015\/09\/essentiels-picto-01.png\" alt=\"\" width=\"58\" height=\"58\" \/><\/a><\/p>\n<h4 style=\"text-align: center; font-size: 16px;\"><span style=\"color: #ffffff;\">PRACTICAL INFORMATION<\/span><\/h4>\n<p>[\/vc_column_text][\/vc_column_inner][\/vc_row_inner][\/vc_column][\/vc_row]<\/p>\n","protected":false},"excerpt":{"rendered":"<p>[vc_row width_100=&#8221;yes&#8221; parallax_speed=&#8221;5&#8243; parallax_x=&#8221;0&#8243; parallax_y=&#8221;0&#8243; el_class=&#8221;mobile_no_margin_bot&#8221;][vc_column][rev_slider_vc alias=&#8221;accueil-uk&#8221;][\/vc_column][\/vc_row][vc_row parallax_speed=&#8221;5&#8243; parallax_x=&#8221;0&#8243; parallax_y=&#8221;0&#8243; css=&#8221;.vc_custom_1551975642275{padding-top: 80px !important;padding-bottom: 60px !important;}&#8221;][vc_column width=&#8221;1\/3&#8243; css=&#8221;.vc_custom_1552046329448{border-top-width: 0px !important;border-right-width: 0px !important;border-bottom-width: 0px !important;border-left-width: 0px !important;}&#8221;][vc_column_text el_class=&#8221;accroche-title&#8221;] First european collection dedicated to the heritage and history of the French merchant marine [\/vc_column_text][vc_empty_space height=&#8221;40px&#8221;][vc_single_image image=&#8221;14377&#8243; img_size=&#8221;full&#8221;][vc_empty_space height=&#8221;40px&#8221;][vc_column_text el_class=&#8221;accroche-title&#8221;]French Lines &amp; Compagnies, Maritime and Port Heritage&#8217;s mission is [&hellip;]<\/p>\n","protected":false},"author":1,"featured_media":0,"parent":0,"menu_order":0,"comment_status":"closed","ping_status":"closed","template":"templates\/template-fullwidth.php","meta":[],"_links":{"self":[{"href":"https:\/\/www.frenchlines.com\/en\/wp-json\/wp\/v2\/pages\/2440"}],"collection":[{"href":"https:\/\/www.frenchlines.com\/en\/wp-json\/wp\/v2\/pages"}],"about":[{"href":"https:\/\/www.frenchlines.com\/en\/wp-json\/wp\/v2\/types\/page"}],"author":[{"embeddable":true,"href":"https:\/\/www.frenchlines.com\/en\/wp-json\/wp\/v2\/users\/1"}],"replies":[{"embeddable":true,"href":"https:\/\/www.frenchlines.com\/en\/wp-json\/wp\/v2\/comments?post=2440"}],"version-history":[{"count":6,"href":"https:\/\/www.frenchlines.com\/en\/wp-json\/wp\/v2\/pages\/2440\/revisions"}],"predecessor-version":[{"id":14471,"href":"https:\/\/www.frenchlines.com\/en\/wp-json\/wp\/v2\/pages\/2440\/revisions\/14471"}],"wp:attachment":[{"href":"https:\/\/www.frenchlines.com\/en\/wp-json\/wp\/v2\/media?parent=2440"}],"curies":[{"name":"wp","href":"https:\/\/api.w.org\/{rel}","templated":true}]}}